{"id":17,"date":"2021-01-15T19:01:15","date_gmt":"2021-01-15T18:01:15","guid":{"rendered":"http:\/\/www.solarmobil.jakob-fugger-gymnasium.de\/?page_id=17"},"modified":"2021-09-18T19:20:01","modified_gmt":"2021-09-18T18:20:01","slug":"impressum","status":"publish","type":"page","link":"https:\/\/www.solarmobil.jakob-fugger-gymnasium.de\/?page_id=17","title":{"rendered":"Impressum"},"content":{"rendered":"<p style=\"text-align: left;\" align=\"center\"><strong>[KONTAKT]<\/strong><\/p>\n<p align=\"left\">Jakob-Fugger-Gymnasium Augsburg<br \/>\nKriemhildenstr. 5<br \/>\n86152 Augsburg<br \/>\nTel.: (0821) 324 &#8211; 18452<br \/>\nFax: (0821) 324 &#8211; 18455<br \/>\nE-Mail: <a href=\"mailto:jfg.stadt@augsburg.de\">jfg.stadt@augsburg.de<\/a><\/p>\n<p align=\"left\">Schulleitung: Angelika Felber, OStDin<\/p>\n<p style=\"text-align: left;\" align=\"center\"><strong>[VERANTWORTLICH REDAKTION &amp; KONZEPT]<\/strong><\/p>\n<p align=\"left\">Jakob-Fugger-Gymnasium Augsburg<br \/>\n<span style=\"color: #333333;\">J\u00f6rg Haas<\/span>, StD<\/p>\n<p>F\u00fcr Einzelartikel, die von den Autoren selbst publiziert werden, sind diese selbst verantwortlich. Informationen hierzu k\u00f6nnen \u00fcber die obige Adresse erfragt werden.<\/p>\n<p>Das Jakob-Fugger-Gymnasium ist nicht verantwortlich f\u00fcr den Inhalt von Diskussionsbeitr\u00e4gen, insbesondere in Foren.<\/p>\n<p style=\"text-align: left;\" align=\"center\"><strong>[COPYRIGHT]<\/strong><\/p>\n<p align=\"left\">Alle Elemente (Texte, Bilder, JavaScripts, Grafiken und sonstige Medien) &#8211; sofern nicht anders angegeben:<br \/>\n<strong>(C) Copyright Jakob-Fugger-Gymnasium Augsburg 2014-2021.<br \/>\n<\/strong>Eine Verwendung dieser Daten ist ohne vorherige Genehmigung durch den Herausgeber nicht gestattet.<\/p>\n<p style=\"text-align: left;\" align=\"center\"><strong>[HAFTUNGSAUSSCHLUSS]<\/strong><\/p>\n<p><a href=\"http:\/\/www.disclaimer.de\/disclaimer.htm?farbe=FFFFFF\/000000\/000000\/000000\" target=\"_blank\" rel=\"noopener noreferrer\"><img loading=\"lazy\" class=\"alignleft\" src=\"http:\/\/www.disclaimer.de\/images\/d_gold.gif\" alt=\"disclaimer\" width=\"84\" height=\"20\" border=\"0\"><\/a><\/p>\n","protected":false},"excerpt":{"rendered":"<p>[KONTAKT] Jakob-Fugger-Gymnasium Augsburg Kriemhildenstr. 5 86152 Augsburg Tel.: (0821) 324 &#8211; 18452 Fax: (0821) 324 &#8211; 18455 E-Mail: jfg.stadt@augsburg.de Schulleitung: Angelika Felber, OStDin [VERANTWORTLICH REDAKTION &amp; KONZEPT] Jakob-Fugger-Gymnasium Augsburg J\u00f6rg Haas, StD F\u00fcr Einzelartikel, die von den Autoren selbst publiziert<span class=\"ellipsis\">&hellip;<\/span><\/p>\n<div class=\"read-more\"><a href=\"https:\/\/www.solarmobil.jakob-fugger-gymnasium.de\/?page_id=17\">Weiterlesen \u203a<\/a><\/div>\n<p><!-- end of .read-more --><\/p>\n","protected":false},"author":2,"featured_media":0,"parent":0,"menu_order":90,"comment_status":"closed","ping_status":"closed","template":"full-width-page.php","meta":{"ngg_post_thumbnail":0},"yoast_head":"<!-- This site is optimized with the Yoast SEO plugin v18.4.1 - https:\/\/yoast.com\/wordpress\/plugins\/seo\/ -->\n<title>Impressum - SolarMobil Bayern<\/title>\n<meta name=\"robots\" content=\"index, follow, max-snippet:-1, max-image-preview:large, max-video-preview:-1\" \/>\n<link rel=\"canonical\" href=\"https:\/\/www.solarmobil.jakob-fugger-gymnasium.de\/?page_id=17\" \/>\n<meta property=\"og:locale\" content=\"de_DE\" \/>\n<meta property=\"og:type\" content=\"article\" \/>\n<meta property=\"og:title\" content=\"Impressum - SolarMobil Bayern\" \/>\n<meta property=\"og:description\" content=\"[KONTAKT] Jakob-Fugger-Gymnasium Augsburg Kriemhildenstr. 5 86152 Augsburg Tel.: (0821) 324 &#8211; 18452 Fax: (0821) 324 &#8211; 18455 E-Mail: jfg.stadt@augsburg.de Schulleitung: Angelika Felber, OStDin [VERANTWORTLICH REDAKTION &amp; KONZEPT] Jakob-Fugger-Gymnasium Augsburg J\u00f6rg Haas, StD F\u00fcr Einzelartikel, die von den Autoren selbst publiziert&hellip;Weiterlesen \u203a\" \/>\n<meta property=\"og:url\" content=\"https:\/\/www.solarmobil.jakob-fugger-gymnasium.de\/?page_id=17\" \/>\n<meta property=\"og:site_name\" content=\"SolarMobil Bayern\" \/>\n<meta property=\"article:modified_time\" content=\"2021-09-18T18:20:01+00:00\" \/>\n<meta property=\"og:image\" content=\"http:\/\/www.disclaimer.de\/images\/d_gold.gif\" \/>\n<meta name=\"twitter:card\" content=\"summary_large_image\" \/>\n<meta name=\"twitter:label1\" content=\"Gesch\u00e4tzte Lesezeit\" \/>\n\t<meta name=\"twitter:data1\" content=\"1\u00a0Minute\" \/>\n<script type=\"application\/ld+json\" class=\"yoast-schema-graph\">{\"@context\":\"https:\/\/schema.org\",\"@graph\":[{\"@type\":\"Organization\",\"@id\":\"https:\/\/www.solarmobil.jakob-fugger-gymnasium.de\/#organization\",\"name\":\"SolarMobil Bayern\",\"url\":\"https:\/\/www.solarmobil.jakob-fugger-gymnasium.de\/\",\"sameAs\":[],\"logo\":{\"@type\":\"ImageObject\",\"@id\":\"https:\/\/www.solarmobil.jakob-fugger-gymnasium.de\/#logo\",\"inLanguage\":\"de\",\"url\":\"https:\/\/www.solarmobil.jakob-fugger-gymnasium.de\/wp-content\/uploads\/2020\/12\/Solarmobil-Bayern.png\",\"contentUrl\":\"https:\/\/www.solarmobil.jakob-fugger-gymnasium.de\/wp-content\/uploads\/2020\/12\/Solarmobil-Bayern.png\",\"width\":563,\"height\":434,\"caption\":\"SolarMobil Bayern\"},\"image\":{\"@id\":\"https:\/\/www.solarmobil.jakob-fugger-gymnasium.de\/#logo\"}},{\"@type\":\"WebSite\",\"@id\":\"https:\/\/www.solarmobil.jakob-fugger-gymnasium.de\/#website\",\"url\":\"https:\/\/www.solarmobil.jakob-fugger-gymnasium.de\/\",\"name\":\"SolarMobil Bayern\",\"description\":\"Jakob-Fugger-Gymnasium\",\"publisher\":{\"@id\":\"https:\/\/www.solarmobil.jakob-fugger-gymnasium.de\/#organization\"},\"potentialAction\":[{\"@type\":\"SearchAction\",\"target\":{\"@type\":\"EntryPoint\",\"urlTemplate\":\"https:\/\/www.solarmobil.jakob-fugger-gymnasium.de\/?s={search_term_string}\"},\"query-input\":\"required name=search_term_string\"}],\"inLanguage\":\"de\"},{\"@type\":\"ImageObject\",\"@id\":\"https:\/\/www.solarmobil.jakob-fugger-gymnasium.de\/?page_id=17#primaryimage\",\"inLanguage\":\"de\",\"url\":\"http:\/\/www.disclaimer.de\/images\/d_gold.gif\",\"contentUrl\":\"http:\/\/www.disclaimer.de\/images\/d_gold.gif\"},{\"@type\":\"WebPage\",\"@id\":\"https:\/\/www.solarmobil.jakob-fugger-gymnasium.de\/?page_id=17#webpage\",\"url\":\"https:\/\/www.solarmobil.jakob-fugger-gymnasium.de\/?page_id=17\",\"name\":\"Impressum - SolarMobil Bayern\",\"isPartOf\":{\"@id\":\"https:\/\/www.solarmobil.jakob-fugger-gymnasium.de\/#website\"},\"primaryImageOfPage\":{\"@id\":\"https:\/\/www.solarmobil.jakob-fugger-gymnasium.de\/?page_id=17#primaryimage\"},\"datePublished\":\"2021-01-15T18:01:15+00:00\",\"dateModified\":\"2021-09-18T18:20:01+00:00\",\"breadcrumb\":{\"@id\":\"https:\/\/www.solarmobil.jakob-fugger-gymnasium.de\/?page_id=17#breadcrumb\"},\"inLanguage\":\"de\",\"potentialAction\":[{\"@type\":\"ReadAction\",\"target\":[\"https:\/\/www.solarmobil.jakob-fugger-gymnasium.de\/?page_id=17\"]}]},{\"@type\":\"BreadcrumbList\",\"@id\":\"https:\/\/www.solarmobil.jakob-fugger-gymnasium.de\/?page_id=17#breadcrumb\",\"itemListElement\":[{\"@type\":\"ListItem\",\"position\":1,\"name\":\"Startseite\",\"item\":\"https:\/\/www.solarmobil.jakob-fugger-gymnasium.de\/\"},{\"@type\":\"ListItem\",\"position\":2,\"name\":\"Impressum\"}]}]}<\/script>\n<!-- \/ Yoast SEO plugin. -->","yoast_head_json":{"title":"Impressum - SolarMobil Bayern","robots":{"index":"index","follow":"follow","max-snippet":"max-snippet:-1","max-image-preview":"max-image-preview:large","max-video-preview":"max-video-preview:-1"},"canonical":"https:\/\/www.solarmobil.jakob-fugger-gymnasium.de\/?page_id=17","og_locale":"de_DE","og_type":"article","og_title":"Impressum - SolarMobil Bayern","og_description":"[KONTAKT] Jakob-Fugger-Gymnasium Augsburg Kriemhildenstr. 5 86152 Augsburg Tel.: (0821) 324 &#8211; 18452 Fax: (0821) 324 &#8211; 18455 E-Mail: jfg.stadt@augsburg.de Schulleitung: Angelika Felber, OStDin [VERANTWORTLICH REDAKTION &amp; KONZEPT] Jakob-Fugger-Gymnasium Augsburg J\u00f6rg Haas, StD F\u00fcr Einzelartikel, die von den Autoren selbst publiziert&hellip;Weiterlesen \u203a","og_url":"https:\/\/www.solarmobil.jakob-fugger-gymnasium.de\/?page_id=17","og_site_name":"SolarMobil Bayern","article_modified_time":"2021-09-18T18:20:01+00:00","og_image":[{"url":"http:\/\/www.disclaimer.de\/images\/d_gold.gif"}],"twitter_card":"summary_large_image","twitter_misc":{"Gesch\u00e4tzte Lesezeit":"1\u00a0Minute"},"schema":{"@context":"https:\/\/schema.org","@graph":[{"@type":"Organization","@id":"https:\/\/www.solarmobil.jakob-fugger-gymnasium.de\/#organization","name":"SolarMobil Bayern","url":"https:\/\/www.solarmobil.jakob-fugger-gymnasium.de\/","sameAs":[],"logo":{"@type":"ImageObject","@id":"https:\/\/www.solarmobil.jakob-fugger-gymnasium.de\/#logo","inLanguage":"de","url":"https:\/\/www.solarmobil.jakob-fugger-gymnasium.de\/wp-content\/uploads\/2020\/12\/Solarmobil-Bayern.png","contentUrl":"https:\/\/www.solarmobil.jakob-fugger-gymnasium.de\/wp-content\/uploads\/2020\/12\/Solarmobil-Bayern.png","width":563,"height":434,"caption":"SolarMobil Bayern"},"image":{"@id":"https:\/\/www.solarmobil.jakob-fugger-gymnasium.de\/#logo"}},{"@type":"WebSite","@id":"https:\/\/www.solarmobil.jakob-fugger-gymnasium.de\/#website","url":"https:\/\/www.solarmobil.jakob-fugger-gymnasium.de\/","name":"SolarMobil Bayern","description":"Jakob-Fugger-Gymnasium","publisher":{"@id":"https:\/\/www.solarmobil.jakob-fugger-gymnasium.de\/#organization"},"potentialAction":[{"@type":"SearchAction","target":{"@type":"EntryPoint","urlTemplate":"https:\/\/www.solarmobil.jakob-fugger-gymnasium.de\/?s={search_term_string}"},"query-input":"required name=search_term_string"}],"inLanguage":"de"},{"@type":"ImageObject","@id":"https:\/\/www.solarmobil.jakob-fugger-gymnasium.de\/?page_id=17#primaryimage","inLanguage":"de","url":"http:\/\/www.disclaimer.de\/images\/d_gold.gif","contentUrl":"http:\/\/www.disclaimer.de\/images\/d_gold.gif"},{"@type":"WebPage","@id":"https:\/\/www.solarmobil.jakob-fugger-gymnasium.de\/?page_id=17#webpage","url":"https:\/\/www.solarmobil.jakob-fugger-gymnasium.de\/?page_id=17","name":"Impressum - SolarMobil Bayern","isPartOf":{"@id":"https:\/\/www.solarmobil.jakob-fugger-gymnasium.de\/#website"},"primaryImageOfPage":{"@id":"https:\/\/www.solarmobil.jakob-fugger-gymnasium.de\/?page_id=17#primaryimage"},"datePublished":"2021-01-15T18:01:15+00:00","dateModified":"2021-09-18T18:20:01+00:00","breadcrumb":{"@id":"https:\/\/www.solarmobil.jakob-fugger-gymnasium.de\/?page_id=17#breadcrumb"},"inLanguage":"de","potentialAction":[{"@type":"ReadAction","target":["https:\/\/www.solarmobil.jakob-fugger-gymnasium.de\/?page_id=17"]}]},{"@type":"BreadcrumbList","@id":"https:\/\/www.solarmobil.jakob-fugger-gymnasium.de\/?page_id=17#breadcrumb","itemListElement":[{"@type":"ListItem","position":1,"name":"Startseite","item":"https:\/\/www.solarmobil.jakob-fugger-gymnasium.de\/"},{"@type":"ListItem","position":2,"name":"Impressum"}]}]}},"_links":{"self":[{"href":"https:\/\/www.solarmobil.jakob-fugger-gymnasium.de\/index.php?rest_route=\/wp\/v2\/pages\/17"}],"collection":[{"href":"https:\/\/www.solarmobil.jakob-fugger-gymnasium.de\/index.php?rest_route=\/wp\/v2\/pages"}],"about":[{"href":"https:\/\/www.solarmobil.jakob-fugger-gymnasium.de\/index.php?rest_route=\/wp\/v2\/types\/page"}],"author":[{"embeddable":true,"href":"https:\/\/www.solarmobil.jakob-fugger-gymnasium.de\/index.php?rest_route=\/wp\/v2\/users\/2"}],"replies":[{"embeddable":true,"href":"https:\/\/www.solarmobil.jakob-fugger-gymnasium.de\/index.php?rest_route=%2Fwp%2Fv2%2Fcomments&post=17"}],"version-history":[{"count":16,"href":"https:\/\/www.solarmobil.jakob-fugger-gymnasium.de\/index.php?rest_route=\/wp\/v2\/pages\/17\/revisions"}],"predecessor-version":[{"id":1652,"href":"https:\/\/www.solarmobil.jakob-fugger-gymnasium.de\/index.php?rest_route=\/wp\/v2\/pages\/17\/revisions\/1652"}],"wp:attachment":[{"href":"https:\/\/www.solarmobil.jakob-fugger-gymnasium.de\/index.php?rest_route=%2Fwp%2Fv2%2Fmedia&parent=17"}],"curies":[{"name":"wp","href":"https:\/\/api.w.org\/{rel}","templated":true}]}}